{"id":2355,"date":"2021-02-25T08:28:09","date_gmt":"2021-02-25T08:28:09","guid":{"rendered":"https:\/\/nuevaweb.restaurantesdelreyno.com\/project\/el-molino-de-urdaniz\/"},"modified":"2021-05-15T13:45:38","modified_gmt":"2021-05-15T13:45:38","slug":"el-molino-de-urdaniz","status":"publish","type":"project","link":"https:\/\/restaurantesdelreyno.com\/en\/project\/el-molino-de-urdaniz\/","title":{"rendered":"EL MOLINO DE URD\u00c1NIZ"},"content":{"rendered":"<p>[et_pb_section fb_built=&#8221;1&#8243; _builder_version=&#8221;4.9.1&#8243; _module_preset=&#8221;default&#8221; width=&#8221;100%&#8221; max_width=&#8221;100%&#8221; module_alignment=&#8221;center&#8221; custom_padding=&#8221;0px||1px|||&#8221;][et_pb_row column_structure=&#8221;1_3,1_3,1_3&#8243; use_custom_gutter=&#8221;on&#8221; gutter_width=&#8221;1&#8243; _builder_version=&#8221;4.9.1&#8243; _module_preset=&#8221;default&#8221; width=&#8221;100%&#8221; max_width=&#8221;100%&#8221; custom_padding=&#8221;0px|||||&#8221;][et_pb_column type=&#8221;1_3&#8243; _builder_version=&#8221;4.9.1&#8243; _module_preset=&#8221;default&#8221;][et_pb_image src=&#8221;https:\/\/restaurantesdelreyno.com\/wp-content\/uploads\/2021\/03\/n_molinourdaniz.jpg&#8221; title_text=&#8221;n_molinourdaniz&#8221; disabled_on=&#8221;on|off|off&#8221; _builder_version=&#8221;4.9.1&#8243; _module_preset=&#8221;default&#8221;][\/et_pb_image][\/et_pb_column][et_pb_column type=&#8221;1_3&#8243; _builder_version=&#8221;4.9.1&#8243; _module_preset=&#8221;default&#8221;][et_pb_image src=&#8221;https:\/\/restaurantesdelreyno.com\/wp-content\/uploads\/2021\/03\/comedor_molinourdaniz.jpg&#8221; title_text=&#8221;comedor_molinourdaniz&#8221; _builder_version=&#8221;4.9.1&#8243; _module_preset=&#8221;default&#8221;][\/et_pb_image][\/et_pb_column][et_pb_column type=&#8221;1_3&#8243; _builder_version=&#8221;4.9.1&#8243; _module_preset=&#8221;default&#8221;][et_pb_image src=&#8221;https:\/\/restaurantesdelreyno.com\/wp-content\/uploads\/2021\/03\/plato_molinourdaniz.jpg&#8221; title_text=&#8221;plato_molinourdaniz&#8221; _builder_version=&#8221;4.9.1&#8243; _module_preset=&#8221;default&#8221;][\/et_pb_image][\/et_pb_column][\/et_pb_row][et_pb_row _builder_version=&#8221;4.9.1&#8243; _module_preset=&#8221;default&#8221;][et_pb_column type=&#8221;4_4&#8243; _builder_version=&#8221;4.9.1&#8243; _module_preset=&#8221;default&#8221;][et_pb_text _builder_version=&#8221;4.9.1&#8243; _module_preset=&#8221;default&#8221; text_font=&#8221;Roboto||||||||&#8221; header_2_font=&#8221;Oswald||||||||&#8221; header_2_font_size=&#8221;44px&#8221;]<\/p>\n<h2>EL MOLINO DE URD\u00c1NIZ<\/h2>\n<div class=\"et_pb_column et_pb_column_1_2 et_pb_column_0 ds-vertical-align et_pb_css_mix_blend_mode_passthrough\">\n<div class=\"et_pb_module et_pb_text et_pb_text_0 et_pb_bg_layout_light et_pb_text_align_left\">\n<div class=\"et_pb_text_inner\">\n<div class=\"et_pb_column et_pb_column_1_2 et_pb_column_0  ds-vertical-align  et_pb_css_mix_blend_mode_passthrough\">\n<div class=\"et_pb_module et_pb_text et_pb_text_0 et_pb_bg_layout_light  et_pb_text_align_left\">\n<div class=\"et_pb_text_inner\">\n<h6>Prestigio, revelaci\u00f3n, dise\u00f1o\u2026<\/h6>\n<\/div>\n<\/div>\n<\/div>\n<\/div>\n<\/div>\n<\/div>\n<p>[\/et_pb_text][et_pb_divider _builder_version=&#8221;4.9.1&#8243; _module_preset=&#8221;default&#8221;][\/et_pb_divider][et_pb_text _builder_version=&#8221;4.9.1&#8243; _module_preset=&#8221;default&#8221;]<\/p>\n<p>Restaurant located in the Navarre pre-Pyrenees countryside, contains a room whose style combines rustic wood and the stone of the building itself as well as more minimalist features, all in perfect harmony. David Y\u00e1rnoz has provided a tasting menu showing the evolution of his cuisine which make The Urd\u00e1niz Mill has a modern, revealing and very personal cuisine, using the finest ingredients, with seasonal product available at all times. Creative, carefully considered, with no eccentricities and where, to the delight of his diners, harmony is the star in each of his dishes. It has one Michelin star.<\/p>\n<p>[\/et_pb_text][\/et_pb_column][\/et_pb_row][et_pb_row column_structure=&#8221;1_2,1_2&#8243; make_equal=&#8221;on&#8221; _builder_version=&#8221;4.9.1&#8243; _module_preset=&#8221;default&#8221;][et_pb_column type=&#8221;1_2&#8243; _builder_version=&#8221;4.9.1&#8243; _module_preset=&#8221;default&#8221;][et_pb_blurb title=&#8221;Address&#8221; use_icon=&#8221;on&#8221; font_icon=&#8221;%%122%%&#8221; icon_placement=&#8221;left&#8221; _builder_version=&#8221;4.9.1&#8243; _module_preset=&#8221;default&#8221;]<\/p>\n<p>C\/ San Miguel s\/n km16. Urd\u00e1niz<\/p>\n<p>[\/et_pb_blurb][et_pb_blurb title=&#8221;Phone&#8221; use_icon=&#8221;on&#8221; font_icon=&#8221;%%264%%&#8221; icon_placement=&#8221;left&#8221; _builder_version=&#8221;4.9.1&#8243; _module_preset=&#8221;default&#8221;]<\/p>\n<p>T. 948 304 109<\/p>\n<p>[\/et_pb_blurb][et_pb_blurb title=&#8221;Email&#8221; use_icon=&#8221;on&#8221; font_icon=&#8221;%%109%%&#8221; icon_placement=&#8221;left&#8221; _builder_version=&#8221;4.9.1&#8243; _module_preset=&#8221;default&#8221;]<\/p>\n<p><a href=\"mailto:info@elmolinourdaniz.com\" target=\"_blank\" rel=\"noopener\">info@elmolinourdaniz.com<\/a><\/p>\n<p>[\/et_pb_blurb][et_pb_blurb title=&#8221;Web&#8221; use_icon=&#8221;on&#8221; font_icon=&#8221;%%137%%&#8221; icon_placement=&#8221;left&#8221; _builder_version=&#8221;4.9.1&#8243; _module_preset=&#8221;default&#8221;]<\/p>\n<p><a href=\"http:\/\/elmolinourdaniz.com\/\" target=\"_blank\" rel=\"noopener\">www.elmolinourdaniz.com<\/a><\/p>\n<p>[\/et_pb_blurb][\/et_pb_column][et_pb_column type=&#8221;1_2&#8243; _builder_version=&#8221;4.9.1&#8243; _module_preset=&#8221;default&#8221;][et_pb_text _builder_version=&#8221;4.9.1&#8243; _module_preset=&#8221;default&#8221;]<\/p>\n<p><iframe loading=\"lazy\" style=\"border: 0;\" src=\"https:\/\/www.google.com\/maps\/embed?pb=!1m18!1m12!1m3!1d2922.277660672186!2d-1.5361854845262328!3d42.9091847791539!2m3!1f0!2f0!3f0!3m2!1i1024!2i768!4f13.1!3m3!1m2!1s0xd50ea0b2f786ea3%3A0x2b7a4399bb2dd476!2sEl%20molino%20de%20Urd%C3%A1niz!5e0!3m2!1ses!2ses!4v1615452398175!5m2!1ses!2ses\" width=\"600\" height=\"350\" allowfullscreen=\"allowfullscreen\"><\/iframe><\/p>\n<p>[\/et_pb_text][\/et_pb_column][\/et_pb_row][\/et_pb_section][et_pb_section fb_built=&#8221;1&#8243; _builder_version=&#8221;4.9.1&#8243; _module_preset=&#8221;default&#8221; background_color=&#8221;#f4f4f4&#8243;][et_pb_row column_structure=&#8221;1_2,1_2&#8243; make_equal=&#8221;on&#8221; _builder_version=&#8221;4.9.1&#8243; _module_preset=&#8221;default&#8221;][et_pb_column type=&#8221;1_2&#8243; _builder_version=&#8221;4.9.1&#8243; _module_preset=&#8221;default&#8221;][et_pb_text _builder_version=&#8221;4.9.1&#8243; _module_preset=&#8221;default&#8221;]<\/p>\n<h3>THE RESTAURANT<\/h3>\n<p><strong>Capacity:<\/strong>\u00a0There are 2 dining rooms, one for 36 and another for 65 people.<br \/><strong>Closed on:<\/strong>\u00a0All Monday and on Tuesday and Wednesday nights.<br \/><strong>Closed for holidays<\/strong>: A fortnight in February and a week in June and another one in November.<br \/><strong>Founded in:<\/strong>\u00a01992<br \/><strong>Head chef:<\/strong>\u00a0David Y\u00e1rnoz<br \/><strong>Ma\u00eetre d\u2019h\u00f4tel and Sommelier:\u00a0<\/strong>I\u00f1igo Orla<br \/><strong>Average \u00e0 la carte price:<\/strong>\u00a0Menu not available<br \/><strong>Average price of the tasting menu:<\/strong>\u00a080\u20ac. Offers a selection of the most representative dishes from other seasons and the latest creations, according to the season and the magic of the moment.<br \/>The menu consists of 10 or 11 dishes bursting with creativity, surprises and the constant search for something better.<\/p>\n<p>[\/et_pb_text][\/et_pb_column][et_pb_column type=&#8221;1_2&#8243; _builder_version=&#8221;4.9.1&#8243; _module_preset=&#8221;default&#8221;][et_pb_image src=&#8221;https:\/\/restaurantesdelreyno.com\/wp-content\/uploads\/2021\/03\/molinodeurdaniz.jpg&#8221; title_text=&#8221;molinodeurdaniz&#8221; disabled_on=&#8221;on|off|off&#8221; _builder_version=&#8221;4.9.1&#8243; _module_preset=&#8221;default&#8221;][\/et_pb_image][et_pb_gallery gallery_ids=&#8221;1621,2108,2099,2102&#8243; fullwidth=&#8221;on&#8221; disabled_on=&#8221;off|on|on&#8221; _builder_version=&#8221;4.9.1&#8243; _module_preset=&#8221;default&#8221;][\/et_pb_gallery][\/et_pb_column][\/et_pb_row][\/et_pb_section][et_pb_section fb_built=&#8221;1&#8243; _builder_version=&#8221;4.9.1&#8243; _module_preset=&#8221;default&#8221; custom_padding=&#8221;2px|||||&#8221;][et_pb_row use_custom_gutter=&#8221;on&#8221; gutter_width=&#8221;2&#8243; _builder_version=&#8221;4.9.1&#8243; _module_preset=&#8221;default&#8221;][et_pb_column type=&#8221;4_4&#8243; _builder_version=&#8221;4.9.1&#8243; _module_preset=&#8221;default&#8221;][et_pb_text _builder_version=&#8221;4.9.1&#8243; _module_preset=&#8221;default&#8221; text_font=&#8221;Roboto||||||||&#8221; header_2_font=&#8221;Oswald||||||||&#8221; header_2_font_size=&#8221;36px&#8221;]<\/p>\n<h2>Other Restaurants<\/h2>\n<p>[\/et_pb_text][et_pb_divider _builder_version=&#8221;4.9.1&#8243; _module_preset=&#8221;default&#8221;][\/et_pb_divider][et_pb_filterable_portfolio fullwidth=&#8221;off&#8221; posts_number=&#8221;15&#8243; include_categories=&#8221;74,86,77,80,68,65,92,89,83&#8243; show_categories=&#8221;off&#8221; _builder_version=&#8221;4.9.1&#8243; _module_preset=&#8221;default&#8221; title_text_align=&#8221;center&#8221; filter_font=&#8221;Oswald||||||||&#8221; text_orientation=&#8221;center&#8221; hover_enabled=&#8221;0&#8243; show_pagination=&#8221;off&#8221; sticky_enabled=&#8221;0&#8243;][\/et_pb_filterable_portfolio][\/et_pb_column][\/et_pb_row][\/et_pb_section]<\/p>\n","protected":false},"excerpt":{"rendered":"<p>EL MOLINO DE URD\u00c1NIZ Prestigio, revelaci\u00f3n, dise\u00f1o\u2026 Restaurant located in the Navarre pre-Pyrenees countryside, contains a room whose style combines rustic wood and the stone of the building itself as well as more minimalist features, all in perfect harmony. David Y\u00e1rnoz has provided a tasting menu showing the evolution of his cuisine which make The [&hellip;]<\/p>\n","protected":false},"author":1,"featured_media":2099,"comment_status":"open","ping_status":"closed","template":"","meta":{"_et_pb_use_builder":"on","_et_pb_old_content":"","_et_gb_content_width":"","footnotes":""},"project_category":[69,83],"project_tag":[],"class_list":["post-2355","project","type-project","status-publish","has-post-thumbnail","hentry","project_category-otras-localidades-en","project_category-urdaniz-en"],"yoast_head":"<!-- This site is optimized with the Yoast SEO plugin v27.3 - https:\/\/yoast.com\/product\/yoast-seo-wordpress\/ -->\r\n<title>EL MOLINO DE URD\u00c1NIZ - Restaurantes del Reyno<\/title>\r\n<meta name=\"robots\" content=\"index, follow, max-snippet:-1, max-image-preview:large, max-video-preview:-1\" \/>\r\n<link rel=\"canonical\" href=\"https:\/\/restaurantesdelreyno.com\/en\/project\/el-molino-de-urdaniz\/\" \/>\r\n<meta property=\"og:locale\" content=\"en_US\" \/>\r\n<meta property=\"og:type\" content=\"article\" \/>\r\n<meta property=\"og:title\" content=\"EL MOLINO DE URD\u00c1NIZ - Restaurantes del Reyno\" \/>\r\n<meta property=\"og:description\" content=\"EL MOLINO DE URD\u00c1NIZ Prestigio, revelaci\u00f3n, dise\u00f1o\u2026 Restaurant located in the Navarre pre-Pyrenees countryside, contains a room whose style combines rustic wood and the stone of the building itself as well as more minimalist features, all in perfect harmony. David Y\u00e1rnoz has provided a tasting menu showing the evolution of his cuisine which make The [&hellip;]\" \/>\r\n<meta property=\"og:url\" content=\"https:\/\/restaurantesdelreyno.com\/en\/project\/el-molino-de-urdaniz\/\" \/>\r\n<meta property=\"og:site_name\" content=\"Restaurantes del Reyno\" \/>\r\n<meta property=\"article:modified_time\" content=\"2021-05-15T13:45:38+00:00\" \/>\r\n<meta property=\"og:image\" content=\"https:\/\/restaurantesdelreyno.com\/wp-content\/uploads\/2021\/03\/plato_molinourdaniz.jpg\" \/>\r\n\t<meta property=\"og:image:width\" content=\"603\" \/>\r\n\t<meta property=\"og:image:height\" content=\"400\" \/>\r\n\t<meta property=\"og:image:type\" content=\"image\/jpeg\" \/>\r\n<meta name=\"twitter:card\" content=\"summary_large_image\" \/>\r\n<meta name=\"twitter:label1\" content=\"Est. reading time\" \/>\n\t<meta name=\"twitter:data1\" content=\"4 minutes\" \/>\r\n<script type=\"application\/ld+json\" class=\"yoast-schema-graph\">{\"@context\":\"https:\\\/\\\/schema.org\",\"@graph\":[{\"@type\":\"WebPage\",\"@id\":\"https:\\\/\\\/restaurantesdelreyno.com\\\/en\\\/project\\\/el-molino-de-urdaniz\\\/\",\"url\":\"https:\\\/\\\/restaurantesdelreyno.com\\\/en\\\/project\\\/el-molino-de-urdaniz\\\/\",\"name\":\"EL MOLINO DE URD\u00c1NIZ - Restaurantes del Reyno\",\"isPartOf\":{\"@id\":\"https:\\\/\\\/restaurantesdelreyno.com\\\/#website\"},\"primaryImageOfPage\":{\"@id\":\"https:\\\/\\\/restaurantesdelreyno.com\\\/en\\\/project\\\/el-molino-de-urdaniz\\\/#primaryimage\"},\"image\":{\"@id\":\"https:\\\/\\\/restaurantesdelreyno.com\\\/en\\\/project\\\/el-molino-de-urdaniz\\\/#primaryimage\"},\"thumbnailUrl\":\"https:\\\/\\\/restaurantesdelreyno.com\\\/wp-content\\\/uploads\\\/2021\\\/03\\\/plato_molinourdaniz.jpg\",\"datePublished\":\"2021-02-25T08:28:09+00:00\",\"dateModified\":\"2021-05-15T13:45:38+00:00\",\"breadcrumb\":{\"@id\":\"https:\\\/\\\/restaurantesdelreyno.com\\\/en\\\/project\\\/el-molino-de-urdaniz\\\/#breadcrumb\"},\"inLanguage\":\"en-US\",\"potentialAction\":[{\"@type\":\"ReadAction\",\"target\":[\"https:\\\/\\\/restaurantesdelreyno.com\\\/en\\\/project\\\/el-molino-de-urdaniz\\\/\"]}]},{\"@type\":\"ImageObject\",\"inLanguage\":\"en-US\",\"@id\":\"https:\\\/\\\/restaurantesdelreyno.com\\\/en\\\/project\\\/el-molino-de-urdaniz\\\/#primaryimage\",\"url\":\"https:\\\/\\\/restaurantesdelreyno.com\\\/wp-content\\\/uploads\\\/2021\\\/03\\\/plato_molinourdaniz.jpg\",\"contentUrl\":\"https:\\\/\\\/restaurantesdelreyno.com\\\/wp-content\\\/uploads\\\/2021\\\/03\\\/plato_molinourdaniz.jpg\",\"width\":603,\"height\":400},{\"@type\":\"BreadcrumbList\",\"@id\":\"https:\\\/\\\/restaurantesdelreyno.com\\\/en\\\/project\\\/el-molino-de-urdaniz\\\/#breadcrumb\",\"itemListElement\":[{\"@type\":\"ListItem\",\"position\":1,\"name\":\"Portada\",\"item\":\"https:\\\/\\\/restaurantesdelreyno.com\\\/en\\\/\"},{\"@type\":\"ListItem\",\"position\":2,\"name\":\"Proyectos\",\"item\":\"https:\\\/\\\/restaurantesdelreyno.com\\\/project\\\/\"},{\"@type\":\"ListItem\",\"position\":3,\"name\":\"EL MOLINO DE URD\u00c1NIZ\"}]},{\"@type\":\"WebSite\",\"@id\":\"https:\\\/\\\/restaurantesdelreyno.com\\\/#website\",\"url\":\"https:\\\/\\\/restaurantesdelreyno.com\\\/\",\"name\":\"Restaurantes del Reyno\",\"description\":\"Asociaci\u00f3n Restaurantes de Navarra\",\"potentialAction\":[{\"@type\":\"SearchAction\",\"target\":{\"@type\":\"EntryPoint\",\"urlTemplate\":\"https:\\\/\\\/restaurantesdelreyno.com\\\/?s={search_term_string}\"},\"query-input\":{\"@type\":\"PropertyValueSpecification\",\"valueRequired\":true,\"valueName\":\"search_term_string\"}}],\"inLanguage\":\"en-US\"}]}<\/script>\r\n<!-- \/ Yoast SEO plugin. -->","yoast_head_json":{"title":"EL MOLINO DE URD\u00c1NIZ - Restaurantes del Reyno","robots":{"index":"index","follow":"follow","max-snippet":"max-snippet:-1","max-image-preview":"max-image-preview:large","max-video-preview":"max-video-preview:-1"},"canonical":"https:\/\/restaurantesdelreyno.com\/en\/project\/el-molino-de-urdaniz\/","og_locale":"en_US","og_type":"article","og_title":"EL MOLINO DE URD\u00c1NIZ - Restaurantes del Reyno","og_description":"EL MOLINO DE URD\u00c1NIZ Prestigio, revelaci\u00f3n, dise\u00f1o\u2026 Restaurant located in the Navarre pre-Pyrenees countryside, contains a room whose style combines rustic wood and the stone of the building itself as well as more minimalist features, all in perfect harmony. David Y\u00e1rnoz has provided a tasting menu showing the evolution of his cuisine which make The [&hellip;]","og_url":"https:\/\/restaurantesdelreyno.com\/en\/project\/el-molino-de-urdaniz\/","og_site_name":"Restaurantes del Reyno","article_modified_time":"2021-05-15T13:45:38+00:00","og_image":[{"width":603,"height":400,"url":"https:\/\/restaurantesdelreyno.com\/wp-content\/uploads\/2021\/03\/plato_molinourdaniz.jpg","type":"image\/jpeg"}],"twitter_card":"summary_large_image","twitter_misc":{"Est. reading time":"4 minutes"},"schema":{"@context":"https:\/\/schema.org","@graph":[{"@type":"WebPage","@id":"https:\/\/restaurantesdelreyno.com\/en\/project\/el-molino-de-urdaniz\/","url":"https:\/\/restaurantesdelreyno.com\/en\/project\/el-molino-de-urdaniz\/","name":"EL MOLINO DE URD\u00c1NIZ - Restaurantes del Reyno","isPartOf":{"@id":"https:\/\/restaurantesdelreyno.com\/#website"},"primaryImageOfPage":{"@id":"https:\/\/restaurantesdelreyno.com\/en\/project\/el-molino-de-urdaniz\/#primaryimage"},"image":{"@id":"https:\/\/restaurantesdelreyno.com\/en\/project\/el-molino-de-urdaniz\/#primaryimage"},"thumbnailUrl":"https:\/\/restaurantesdelreyno.com\/wp-content\/uploads\/2021\/03\/plato_molinourdaniz.jpg","datePublished":"2021-02-25T08:28:09+00:00","dateModified":"2021-05-15T13:45:38+00:00","breadcrumb":{"@id":"https:\/\/restaurantesdelreyno.com\/en\/project\/el-molino-de-urdaniz\/#breadcrumb"},"inLanguage":"en-US","potentialAction":[{"@type":"ReadAction","target":["https:\/\/restaurantesdelreyno.com\/en\/project\/el-molino-de-urdaniz\/"]}]},{"@type":"ImageObject","inLanguage":"en-US","@id":"https:\/\/restaurantesdelreyno.com\/en\/project\/el-molino-de-urdaniz\/#primaryimage","url":"https:\/\/restaurantesdelreyno.com\/wp-content\/uploads\/2021\/03\/plato_molinourdaniz.jpg","contentUrl":"https:\/\/restaurantesdelreyno.com\/wp-content\/uploads\/2021\/03\/plato_molinourdaniz.jpg","width":603,"height":400},{"@type":"BreadcrumbList","@id":"https:\/\/restaurantesdelreyno.com\/en\/project\/el-molino-de-urdaniz\/#breadcrumb","itemListElement":[{"@type":"ListItem","position":1,"name":"Portada","item":"https:\/\/restaurantesdelreyno.com\/en\/"},{"@type":"ListItem","position":2,"name":"Proyectos","item":"https:\/\/restaurantesdelreyno.com\/project\/"},{"@type":"ListItem","position":3,"name":"EL MOLINO DE URD\u00c1NIZ"}]},{"@type":"WebSite","@id":"https:\/\/restaurantesdelreyno.com\/#website","url":"https:\/\/restaurantesdelreyno.com\/","name":"Restaurantes del Reyno","description":"Asociaci\u00f3n Restaurantes de Navarra","potentialAction":[{"@type":"SearchAction","target":{"@type":"EntryPoint","urlTemplate":"https:\/\/restaurantesdelreyno.com\/?s={search_term_string}"},"query-input":{"@type":"PropertyValueSpecification","valueRequired":true,"valueName":"search_term_string"}}],"inLanguage":"en-US"}]}},"_links":{"self":[{"href":"https:\/\/restaurantesdelreyno.com\/en\/wp-json\/wp\/v2\/project\/2355","targetHints":{"allow":["GET"]}}],"collection":[{"href":"https:\/\/restaurantesdelreyno.com\/en\/wp-json\/wp\/v2\/project"}],"about":[{"href":"https:\/\/restaurantesdelreyno.com\/en\/wp-json\/wp\/v2\/types\/project"}],"author":[{"embeddable":true,"href":"https:\/\/restaurantesdelreyno.com\/en\/wp-json\/wp\/v2\/users\/1"}],"replies":[{"embeddable":true,"href":"https:\/\/restaurantesdelreyno.com\/en\/wp-json\/wp\/v2\/comments?post=2355"}],"version-history":[{"count":5,"href":"https:\/\/restaurantesdelreyno.com\/en\/wp-json\/wp\/v2\/project\/2355\/revisions"}],"predecessor-version":[{"id":2814,"href":"https:\/\/restaurantesdelreyno.com\/en\/wp-json\/wp\/v2\/project\/2355\/revisions\/2814"}],"wp:featuredmedia":[{"embeddable":true,"href":"https:\/\/restaurantesdelreyno.com\/en\/wp-json\/wp\/v2\/media\/2099"}],"wp:attachment":[{"href":"https:\/\/restaurantesdelreyno.com\/en\/wp-json\/wp\/v2\/media?parent=2355"}],"wp:term":[{"taxonomy":"project_category","embeddable":true,"href":"https:\/\/restaurantesdelreyno.com\/en\/wp-json\/wp\/v2\/project_category?post=2355"},{"taxonomy":"project_tag","embeddable":true,"href":"https:\/\/restaurantesdelreyno.com\/en\/wp-json\/wp\/v2\/project_tag?post=2355"}],"curies":[{"name":"wp","href":"https:\/\/api.w.org\/{rel}","templated":true}]}}