{"id":2438,"date":"2021-01-25T09:25:27","date_gmt":"2021-01-25T09:25:27","guid":{"rendered":"https:\/\/nuevaweb.restaurantesdelreyno.com\/project\/la-biblioteca\/"},"modified":"2021-06-28T19:42:57","modified_gmt":"2021-06-28T19:42:57","slug":"la-biblioteca","status":"publish","type":"project","link":"https:\/\/restaurantesdelreyno.com\/fr\/project\/la-biblioteca\/","title":{"rendered":"LA BIBLIOTECA"},"content":{"rendered":"<p>[et_pb_section fb_built=\u00a0\u00bb1&Prime; _builder_version=\u00a0\u00bb4.9.1&Prime; _module_preset=\u00a0\u00bbdefault\u00a0\u00bb width=\u00a0\u00bb100%\u00a0\u00bb max_width=\u00a0\u00bb100%\u00a0\u00bb module_alignment=\u00a0\u00bbcenter\u00a0\u00bb custom_padding=\u00a0\u00bb0px||1px|||\u00a0\u00bb][et_pb_row column_structure=\u00a0\u00bb1_3,1_3,1_3&Prime; use_custom_gutter=\u00a0\u00bbon\u00a0\u00bb gutter_width=\u00a0\u00bb1&Prime; _builder_version=\u00a0\u00bb4.9.1&Prime; _module_preset=\u00a0\u00bbdefault\u00a0\u00bb width=\u00a0\u00bb100%\u00a0\u00bb max_width=\u00a0\u00bb100%\u00a0\u00bb custom_padding=\u00a0\u00bb0px|||||\u00a0\u00bb][et_pb_column type=\u00a0\u00bb1_3&Prime; _builder_version=\u00a0\u00bb4.9.1&Prime; _module_preset=\u00a0\u00bbdefault\u00a0\u00bb][et_pb_image src=\u00a0\u00bbhttps:\/\/restaurantesdelreyno.com\/wp-content\/uploads\/2021\/03\/La_Biblioteca_restaurantesdelreyno-02.jpg\u00a0\u00bb title_text=\u00a0\u00bbLa_Biblioteca_restaurantesdelreyno-02&Prime; disabled_on=\u00a0\u00bbon|off|off\u00a0\u00bb _builder_version=\u00a0\u00bb4.9.1&Prime; _module_preset=\u00a0\u00bbdefault\u00a0\u00bb][\/et_pb_image][\/et_pb_column][et_pb_column type=\u00a0\u00bb1_3&Prime; _builder_version=\u00a0\u00bb4.9.1&Prime; _module_preset=\u00a0\u00bbdefault\u00a0\u00bb][et_pb_image src=\u00a0\u00bbhttps:\/\/restaurantesdelreyno.com\/wp-content\/uploads\/2021\/03\/La_Biblioteca_restaurantesdelreyno.jpg\u00a0\u00bb title_text=\u00a0\u00bbLa_Biblioteca_restaurantesdelreyno\u00a0\u00bb _builder_version=\u00a0\u00bb4.9.1&Prime; _module_preset=\u00a0\u00bbdefault\u00a0\u00bb][\/et_pb_image][\/et_pb_column][et_pb_column type=\u00a0\u00bb1_3&Prime; _builder_version=\u00a0\u00bb4.9.1&Prime; _module_preset=\u00a0\u00bbdefault\u00a0\u00bb][et_pb_image src=\u00a0\u00bbhttps:\/\/restaurantesdelreyno.com\/wp-content\/uploads\/2021\/03\/La_Biblioteca_restaurantesdelreyno-03.jpg\u00a0\u00bb title_text=\u00a0\u00bbLa_Biblioteca_restaurantesdelreyno-03&Prime; disabled_on=\u00a0\u00bbon|off|off\u00a0\u00bb _builder_version=\u00a0\u00bb4.9.1&Prime; _module_preset=\u00a0\u00bbdefault\u00a0\u00bb][\/et_pb_image][\/et_pb_column][\/et_pb_row][et_pb_row _builder_version=\u00a0\u00bb4.9.1&Prime; _module_preset=\u00a0\u00bbdefault\u00a0\u00bb][et_pb_column type=\u00a0\u00bb4_4&Prime; _builder_version=\u00a0\u00bb4.9.1&Prime; _module_preset=\u00a0\u00bbdefault\u00a0\u00bb][et_pb_text _builder_version=\u00a0\u00bb4.9.1&Prime; _module_preset=\u00a0\u00bbdefault\u00a0\u00bb text_font=\u00a0\u00bbRoboto||||||||\u00a0\u00bb header_2_font=\u00a0\u00bbOswald||||||||\u00a0\u00bb header_2_font_size=\u00a0\u00bb44px\u00a0\u00bb]<\/p>\n<h2>LA BIBLIOTECA<\/h2>\n<p>[\/et_pb_text][et_pb_divider _builder_version=\u00a0\u00bb4.9.1&Prime; _module_preset=\u00a0\u00bbdefault\u00a0\u00bb][\/et_pb_divider][et_pb_text _builder_version=\u00a0\u00bb4.9.1&Prime; _module_preset=\u00a0\u00bbdefault\u00a0\u00bb]<\/p>\n<p>La Biblioteca est situ\u00e9e dans l&rsquo;h\u00f4tel gastronomique Alma de Pamplona, \u200b\u200bdans un espace unique et singulier, sur les rives de la rivi\u00e8re Arga, en pleine nature, avec une d\u00e9coration lumineuse et contemporaine, qui invite le convive \u00e0 partager le savoir-faire du chef Leandro Gil et de son \u00e9quipe.<\/p>\n<p>Ils favorisent la cuisine de proximit\u00e9, o\u00f9 les protagonistes sont les ingr\u00e9dients, sans frivolit\u00e9s mais avec le plus grand respect, sans occulter les saveurs et en conservant l&rsquo;origine des produits. Leandro parvient \u00e0 transformer les l\u00e9gumes et, en particulier, les l\u00e9gumes de la Ribera Navarra en des plats pleins de nuances, dont le r\u00e9sultat est une cuisine propre et fra\u00eeche, avec des combinaisons originales qui surprennent le convive \u00e0 la fois par leur audace et leur simplicit\u00e9.<\/p>\n<p>La recherche constante de nouvelles possibilit\u00e9s que leur offre l&rsquo;environnement et leur application \u00e0 la cuisine a valu \u00e0 La Biblioteca la reconnaissance qu&rsquo;elle a re\u00e7ue avec la premi\u00e8re \u00e9toile Michelin en 2019.<\/p>\n<p>[\/et_pb_text][\/et_pb_column][\/et_pb_row][et_pb_row column_structure=\u00a0\u00bb1_2,1_2&Prime; make_equal=\u00a0\u00bbon\u00a0\u00bb _builder_version=\u00a0\u00bb4.9.1&Prime; _module_preset=\u00a0\u00bbdefault\u00a0\u00bb][et_pb_column type=\u00a0\u00bb1_2&Prime; _builder_version=\u00a0\u00bb4.9.1&Prime; _module_preset=\u00a0\u00bbdefault\u00a0\u00bb][et_pb_blurb title=\u00a0\u00bbAddresse\u00a0\u00bb use_icon=\u00a0\u00bbon\u00a0\u00bb font_icon=\u00a0\u00bb%%122%%\u00a0\u00bb icon_placement=\u00a0\u00bbleft\u00a0\u00bb _builder_version=\u00a0\u00bb4.9.1&Prime; _module_preset=\u00a0\u00bbdefault\u00a0\u00bb]<\/p>\n<p>Calle Beloso Bajo, 11, Pamplona<\/p>\n<p>[\/et_pb_blurb][et_pb_blurb title=\u00a0\u00bbT\u00e9l\u00e9phone\u00a0\u00bb use_icon=\u00a0\u00bbon\u00a0\u00bb font_icon=\u00a0\u00bb%%264%%\u00a0\u00bb icon_placement=\u00a0\u00bbleft\u00a0\u00bb _builder_version=\u00a0\u00bb4.9.1&Prime; _module_preset=\u00a0\u00bbdefault\u00a0\u00bb]<\/p>\n<p>T. 948 293 380<\/p>\n<p>[\/et_pb_blurb][et_pb_blurb title=\u00a0\u00bbEmail\u00a0\u00bb use_icon=\u00a0\u00bbon\u00a0\u00bb font_icon=\u00a0\u00bb%%109%%\u00a0\u00bb icon_placement=\u00a0\u00bbleft\u00a0\u00bb _builder_version=\u00a0\u00bb4.9.1&Prime; _module_preset=\u00a0\u00bbdefault\u00a0\u00bb]<\/p>\n<p><a href=\"mailto:restaurant@almapamplona.com\" target=\"_blank\" rel=\"noopener\">restaurant@almapamplona.com<\/a><\/p>\n<p>[\/et_pb_blurb][et_pb_blurb title=\u00a0\u00bbWeb\u00a0\u00bb use_icon=\u00a0\u00bbon\u00a0\u00bb font_icon=\u00a0\u00bb%%137%%\u00a0\u00bb icon_placement=\u00a0\u00bbleft\u00a0\u00bb _builder_version=\u00a0\u00bb4.9.1&Prime; _module_preset=\u00a0\u00bbdefault\u00a0\u00bb]<\/p>\n<p><a href=\"https:\/\/almahotels.com\/pamplona\/restaurante\/\" target=\"_blank\" rel=\"noopener\" data-saferedirecturl=\"https:\/\/www.google.com\/url?q=http:\/\/www.almahotels.com&amp;source=gmail&amp;ust=1615838566057000&amp;usg=AFQjCNHEjK_UwwyXgkvrbcW7SbnjARKcoQ\">www.almahotels.com<\/a><\/p>\n<p>[\/et_pb_blurb][\/et_pb_column][et_pb_column type=\u00a0\u00bb1_2&Prime; _builder_version=\u00a0\u00bb4.9.1&Prime; _module_preset=\u00a0\u00bbdefault\u00a0\u00bb][et_pb_text _builder_version=\u00a0\u00bb4.9.1&Prime; _module_preset=\u00a0\u00bbdefault\u00a0\u00bb]<\/p>\n<p><iframe loading=\"lazy\" style=\"border: 0;\" src=\"https:\/\/www.google.com\/maps\/embed?pb=!1m18!1m12!1m3!1d2926.5133190404763!2d-1.6260194845290745!3d42.8197695791586!2m3!1f0!2f0!3f0!3m2!1i1024!2i768!4f13.1!3m3!1m2!1s0xd509307c0614ed3%3A0xd43e3663fda9e883!2sHotel%20Alma%20Pamplona!5e0!3m2!1ses!2ses!4v1615800161322!5m2!1ses!2ses\" width=\"600\" height=\"350\" allowfullscreen=\"allowfullscreen\"><\/iframe><\/p>\n<p>[\/et_pb_text][\/et_pb_column][\/et_pb_row][\/et_pb_section][et_pb_section fb_built=\u00a0\u00bb1&Prime; _builder_version=\u00a0\u00bb4.9.1&Prime; _module_preset=\u00a0\u00bbdefault\u00a0\u00bb background_color=\u00a0\u00bb#f4f4f4&Prime;][et_pb_row column_structure=\u00a0\u00bb1_2,1_2&Prime; make_equal=\u00a0\u00bbon\u00a0\u00bb _builder_version=\u00a0\u00bb4.9.1&Prime; _module_preset=\u00a0\u00bbdefault\u00a0\u00bb][et_pb_column type=\u00a0\u00bb1_2&Prime; _builder_version=\u00a0\u00bb4.9.1&Prime; _module_preset=\u00a0\u00bbdefault\u00a0\u00bb][et_pb_text _builder_version=\u00a0\u00bb4.9.1&Prime; _module_preset=\u00a0\u00bbdefault\u00a0\u00bb]<\/p>\n<h3>LE RESTAURANT<\/h3>\n<p><strong>Capacit\u00e9 :<\/strong> 16 convives, 40 dans des salons priv\u00e9s, pour des banquets et des congr\u00e8s. Dispose aussi de trois salles \u00e0 manger priv\u00e9es<br \/><strong>Repos hebdomadaire :<\/strong> Lundi et mardi toute la journ\u00e9e, mercredi, jeudi et dimanche soir<br \/><strong>Fermeture pour vacances :<\/strong> Mois de janvier<br \/><strong>Fond\u00e9 en :<\/strong> 2018<br \/><strong>Chef cuisinier :<\/strong> Leandro Gil Cacho<br \/><strong>Responsable de salle :<\/strong> German Moriones<br \/><strong>Sommelier :<\/strong> Xabier Dom\u00ednguez<br \/><strong>Prix \u200b\u200bmoyen carte :<\/strong> \u00c0 partir de 110\u20ac<\/p>\n<p>[\/et_pb_text][\/et_pb_column][et_pb_column type=\u00a0\u00bb1_2&Prime; _builder_version=\u00a0\u00bb4.9.1&Prime; _module_preset=\u00a0\u00bbdefault\u00a0\u00bb][et_pb_image src=\u00a0\u00bbhttps:\/\/restaurantesdelreyno.com\/wp-content\/uploads\/2021\/03\/La_Biblioteca_restaurantesdelreyno-04.jpg\u00a0\u00bb title_text=\u00a0\u00bbLa_Biblioteca_restaurantesdelreyno-04&Prime; disabled_on=\u00a0\u00bbon|off|off\u00a0\u00bb _builder_version=\u00a0\u00bb4.9.1&Prime; _module_preset=\u00a0\u00bbdefault\u00a0\u00bb][\/et_pb_image][et_pb_gallery gallery_ids=\u00a0\u00bb2199,2196,2193,2190,2202&Prime; fullwidth=\u00a0\u00bbon\u00a0\u00bb disabled_on=\u00a0\u00bboff|on|on\u00a0\u00bb _builder_version=\u00a0\u00bb4.9.1&Prime; _module_preset=\u00a0\u00bbdefault\u00a0\u00bb][\/et_pb_gallery][\/et_pb_column][\/et_pb_row][\/et_pb_section][et_pb_section fb_built=\u00a0\u00bb1&Prime; _builder_version=\u00a0\u00bb4.9.1&Prime; _module_preset=\u00a0\u00bbdefault\u00a0\u00bb custom_padding=\u00a0\u00bb2px|||||\u00a0\u00bb][et_pb_row use_custom_gutter=\u00a0\u00bbon\u00a0\u00bb gutter_width=\u00a0\u00bb2&Prime; _builder_version=\u00a0\u00bb4.9.1&Prime; _module_preset=\u00a0\u00bbdefault\u00a0\u00bb][et_pb_column type=\u00a0\u00bb4_4&Prime; _builder_version=\u00a0\u00bb4.9.1&Prime; _module_preset=\u00a0\u00bbdefault\u00a0\u00bb][et_pb_text _builder_version=\u00a0\u00bb4.9.1&Prime; _module_preset=\u00a0\u00bbdefault\u00a0\u00bb text_font=\u00a0\u00bbRoboto||||||||\u00a0\u00bb header_2_font=\u00a0\u00bbOswald||||||||\u00a0\u00bb header_2_font_size=\u00a0\u00bb36px\u00a0\u00bb]<\/p>\n<h2>Autres Restaurants<\/h2>\n<p>[\/et_pb_text][et_pb_divider _builder_version=\u00a0\u00bb4.9.1&Prime; _module_preset=\u00a0\u00bbdefault\u00a0\u00bb][\/et_pb_divider][et_pb_filterable_portfolio fullwidth=\u00a0\u00bboff\u00a0\u00bb posts_number=\u00a0\u00bb15&Prime; include_categories=\u00a0\u00bb2,40,43,41,39,45,44,42,47&Prime; show_categories=\u00a0\u00bboff\u00a0\u00bb _builder_version=\u00a0\u00bb4.9.1&Prime; _module_preset=\u00a0\u00bbdefault\u00a0\u00bb title_text_align=\u00a0\u00bbcenter\u00a0\u00bb filter_font=\u00a0\u00bbOswald||||||||\u00a0\u00bb text_orientation=\u00a0\u00bbcenter\u00a0\u00bb hover_enabled=\u00a0\u00bb0&Prime; sticky_enabled=\u00a0\u00bb0&Prime;][\/et_pb_filterable_portfolio][\/et_pb_column][\/et_pb_row][\/et_pb_section]<\/p>\n","protected":false},"excerpt":{"rendered":"<p>LA BIBLIOTECALa Biblioteca est situ\u00e9e dans l&rsquo;h\u00f4tel gastronomique Alma de Pamplona, \u200b\u200bdans un espace unique et singulier, sur les rives de la rivi\u00e8re Arga, en pleine nature, avec une d\u00e9coration lumineuse et contemporaine, qui invite le convive \u00e0 partager le savoir-faire du chef Leandro Gil et de son \u00e9quipe. Ils favorisent la cuisine de proximit\u00e9, [&hellip;]<\/p>\n","protected":false},"author":1,"featured_media":2193,"comment_status":"open","ping_status":"closed","template":"","meta":{"_et_pb_use_builder":"on","_et_pb_old_content":"","_et_gb_content_width":"","footnotes":""},"project_category":[66],"project_tag":[],"class_list":["post-2438","project","type-project","status-publish","has-post-thumbnail","hentry","project_category-pamplona-fr"],"yoast_head":"<!-- This site is optimized with the Yoast SEO plugin v27.3 - https:\/\/yoast.com\/product\/yoast-seo-wordpress\/ -->\r\n<title>LA BIBLIOTECA - Restaurantes del Reyno<\/title>\r\n<meta name=\"robots\" content=\"index, follow, max-snippet:-1, max-image-preview:large, max-video-preview:-1\" \/>\r\n<link rel=\"canonical\" href=\"https:\/\/restaurantesdelreyno.com\/fr\/project\/la-biblioteca\/\" \/>\r\n<meta property=\"og:locale\" content=\"fr_FR\" \/>\r\n<meta property=\"og:type\" content=\"article\" \/>\r\n<meta property=\"og:title\" content=\"LA BIBLIOTECA - Restaurantes del Reyno\" \/>\r\n<meta property=\"og:description\" content=\"LA BIBLIOTECALa Biblioteca est situ\u00e9e dans l&#039;h\u00f4tel gastronomique Alma de Pamplona, \u200b\u200bdans un espace unique et singulier, sur les rives de la rivi\u00e8re Arga, en pleine nature, avec une d\u00e9coration lumineuse et contemporaine, qui invite le convive \u00e0 partager le savoir-faire du chef Leandro Gil et de son \u00e9quipe. Ils favorisent la cuisine de proximit\u00e9, [&hellip;]\" \/>\r\n<meta property=\"og:url\" content=\"https:\/\/restaurantesdelreyno.com\/fr\/project\/la-biblioteca\/\" \/>\r\n<meta property=\"og:site_name\" content=\"Restaurantes del Reyno\" \/>\r\n<meta property=\"article:modified_time\" content=\"2021-06-28T19:42:57+00:00\" \/>\r\n<meta property=\"og:image\" content=\"https:\/\/restaurantesdelreyno.com\/wp-content\/uploads\/2021\/03\/La_Biblioteca_restaurantesdelreyno.jpg\" \/>\r\n\t<meta property=\"og:image:width\" content=\"603\" \/>\r\n\t<meta property=\"og:image:height\" content=\"400\" \/>\r\n\t<meta property=\"og:image:type\" content=\"image\/jpeg\" \/>\r\n<meta name=\"twitter:card\" content=\"summary_large_image\" \/>\r\n<meta name=\"twitter:label1\" content=\"Dur\u00e9e de lecture estim\u00e9e\" \/>\n\t<meta name=\"twitter:data1\" content=\"4 minutes\" \/>\r\n<script type=\"application\/ld+json\" class=\"yoast-schema-graph\">{\"@context\":\"https:\\\/\\\/schema.org\",\"@graph\":[{\"@type\":\"WebPage\",\"@id\":\"https:\\\/\\\/restaurantesdelreyno.com\\\/fr\\\/project\\\/la-biblioteca\\\/\",\"url\":\"https:\\\/\\\/restaurantesdelreyno.com\\\/fr\\\/project\\\/la-biblioteca\\\/\",\"name\":\"LA BIBLIOTECA - Restaurantes del Reyno\",\"isPartOf\":{\"@id\":\"https:\\\/\\\/restaurantesdelreyno.com\\\/#website\"},\"primaryImageOfPage\":{\"@id\":\"https:\\\/\\\/restaurantesdelreyno.com\\\/fr\\\/project\\\/la-biblioteca\\\/#primaryimage\"},\"image\":{\"@id\":\"https:\\\/\\\/restaurantesdelreyno.com\\\/fr\\\/project\\\/la-biblioteca\\\/#primaryimage\"},\"thumbnailUrl\":\"https:\\\/\\\/restaurantesdelreyno.com\\\/wp-content\\\/uploads\\\/2021\\\/03\\\/La_Biblioteca_restaurantesdelreyno.jpg\",\"datePublished\":\"2021-01-25T09:25:27+00:00\",\"dateModified\":\"2021-06-28T19:42:57+00:00\",\"breadcrumb\":{\"@id\":\"https:\\\/\\\/restaurantesdelreyno.com\\\/fr\\\/project\\\/la-biblioteca\\\/#breadcrumb\"},\"inLanguage\":\"fr-FR\",\"potentialAction\":[{\"@type\":\"ReadAction\",\"target\":[\"https:\\\/\\\/restaurantesdelreyno.com\\\/fr\\\/project\\\/la-biblioteca\\\/\"]}]},{\"@type\":\"ImageObject\",\"inLanguage\":\"fr-FR\",\"@id\":\"https:\\\/\\\/restaurantesdelreyno.com\\\/fr\\\/project\\\/la-biblioteca\\\/#primaryimage\",\"url\":\"https:\\\/\\\/restaurantesdelreyno.com\\\/wp-content\\\/uploads\\\/2021\\\/03\\\/La_Biblioteca_restaurantesdelreyno.jpg\",\"contentUrl\":\"https:\\\/\\\/restaurantesdelreyno.com\\\/wp-content\\\/uploads\\\/2021\\\/03\\\/La_Biblioteca_restaurantesdelreyno.jpg\",\"width\":603,\"height\":400},{\"@type\":\"BreadcrumbList\",\"@id\":\"https:\\\/\\\/restaurantesdelreyno.com\\\/fr\\\/project\\\/la-biblioteca\\\/#breadcrumb\",\"itemListElement\":[{\"@type\":\"ListItem\",\"position\":1,\"name\":\"Portada\",\"item\":\"https:\\\/\\\/restaurantesdelreyno.com\\\/fr\\\/\"},{\"@type\":\"ListItem\",\"position\":2,\"name\":\"Proyectos\",\"item\":\"https:\\\/\\\/restaurantesdelreyno.com\\\/project\\\/\"},{\"@type\":\"ListItem\",\"position\":3,\"name\":\"LA BIBLIOTECA\"}]},{\"@type\":\"WebSite\",\"@id\":\"https:\\\/\\\/restaurantesdelreyno.com\\\/#website\",\"url\":\"https:\\\/\\\/restaurantesdelreyno.com\\\/\",\"name\":\"Restaurantes del Reyno\",\"description\":\"Asociaci\u00f3n Restaurantes de Navarra\",\"potentialAction\":[{\"@type\":\"SearchAction\",\"target\":{\"@type\":\"EntryPoint\",\"urlTemplate\":\"https:\\\/\\\/restaurantesdelreyno.com\\\/?s={search_term_string}\"},\"query-input\":{\"@type\":\"PropertyValueSpecification\",\"valueRequired\":true,\"valueName\":\"search_term_string\"}}],\"inLanguage\":\"fr-FR\"}]}<\/script>\r\n<!-- \/ Yoast SEO plugin. -->","yoast_head_json":{"title":"LA BIBLIOTECA - Restaurantes del Reyno","robots":{"index":"index","follow":"follow","max-snippet":"max-snippet:-1","max-image-preview":"max-image-preview:large","max-video-preview":"max-video-preview:-1"},"canonical":"https:\/\/restaurantesdelreyno.com\/fr\/project\/la-biblioteca\/","og_locale":"fr_FR","og_type":"article","og_title":"LA BIBLIOTECA - Restaurantes del Reyno","og_description":"LA BIBLIOTECALa Biblioteca est situ\u00e9e dans l'h\u00f4tel gastronomique Alma de Pamplona, \u200b\u200bdans un espace unique et singulier, sur les rives de la rivi\u00e8re Arga, en pleine nature, avec une d\u00e9coration lumineuse et contemporaine, qui invite le convive \u00e0 partager le savoir-faire du chef Leandro Gil et de son \u00e9quipe. Ils favorisent la cuisine de proximit\u00e9, [&hellip;]","og_url":"https:\/\/restaurantesdelreyno.com\/fr\/project\/la-biblioteca\/","og_site_name":"Restaurantes del Reyno","article_modified_time":"2021-06-28T19:42:57+00:00","og_image":[{"width":603,"height":400,"url":"https:\/\/restaurantesdelreyno.com\/wp-content\/uploads\/2021\/03\/La_Biblioteca_restaurantesdelreyno.jpg","type":"image\/jpeg"}],"twitter_card":"summary_large_image","twitter_misc":{"Dur\u00e9e de lecture estim\u00e9e":"4 minutes"},"schema":{"@context":"https:\/\/schema.org","@graph":[{"@type":"WebPage","@id":"https:\/\/restaurantesdelreyno.com\/fr\/project\/la-biblioteca\/","url":"https:\/\/restaurantesdelreyno.com\/fr\/project\/la-biblioteca\/","name":"LA BIBLIOTECA - Restaurantes del Reyno","isPartOf":{"@id":"https:\/\/restaurantesdelreyno.com\/#website"},"primaryImageOfPage":{"@id":"https:\/\/restaurantesdelreyno.com\/fr\/project\/la-biblioteca\/#primaryimage"},"image":{"@id":"https:\/\/restaurantesdelreyno.com\/fr\/project\/la-biblioteca\/#primaryimage"},"thumbnailUrl":"https:\/\/restaurantesdelreyno.com\/wp-content\/uploads\/2021\/03\/La_Biblioteca_restaurantesdelreyno.jpg","datePublished":"2021-01-25T09:25:27+00:00","dateModified":"2021-06-28T19:42:57+00:00","breadcrumb":{"@id":"https:\/\/restaurantesdelreyno.com\/fr\/project\/la-biblioteca\/#breadcrumb"},"inLanguage":"fr-FR","potentialAction":[{"@type":"ReadAction","target":["https:\/\/restaurantesdelreyno.com\/fr\/project\/la-biblioteca\/"]}]},{"@type":"ImageObject","inLanguage":"fr-FR","@id":"https:\/\/restaurantesdelreyno.com\/fr\/project\/la-biblioteca\/#primaryimage","url":"https:\/\/restaurantesdelreyno.com\/wp-content\/uploads\/2021\/03\/La_Biblioteca_restaurantesdelreyno.jpg","contentUrl":"https:\/\/restaurantesdelreyno.com\/wp-content\/uploads\/2021\/03\/La_Biblioteca_restaurantesdelreyno.jpg","width":603,"height":400},{"@type":"BreadcrumbList","@id":"https:\/\/restaurantesdelreyno.com\/fr\/project\/la-biblioteca\/#breadcrumb","itemListElement":[{"@type":"ListItem","position":1,"name":"Portada","item":"https:\/\/restaurantesdelreyno.com\/fr\/"},{"@type":"ListItem","position":2,"name":"Proyectos","item":"https:\/\/restaurantesdelreyno.com\/project\/"},{"@type":"ListItem","position":3,"name":"LA BIBLIOTECA"}]},{"@type":"WebSite","@id":"https:\/\/restaurantesdelreyno.com\/#website","url":"https:\/\/restaurantesdelreyno.com\/","name":"Restaurantes del Reyno","description":"Asociaci\u00f3n Restaurantes de Navarra","potentialAction":[{"@type":"SearchAction","target":{"@type":"EntryPoint","urlTemplate":"https:\/\/restaurantesdelreyno.com\/?s={search_term_string}"},"query-input":{"@type":"PropertyValueSpecification","valueRequired":true,"valueName":"search_term_string"}}],"inLanguage":"fr-FR"}]}},"_links":{"self":[{"href":"https:\/\/restaurantesdelreyno.com\/fr\/wp-json\/wp\/v2\/project\/2438","targetHints":{"allow":["GET"]}}],"collection":[{"href":"https:\/\/restaurantesdelreyno.com\/fr\/wp-json\/wp\/v2\/project"}],"about":[{"href":"https:\/\/restaurantesdelreyno.com\/fr\/wp-json\/wp\/v2\/types\/project"}],"author":[{"embeddable":true,"href":"https:\/\/restaurantesdelreyno.com\/fr\/wp-json\/wp\/v2\/users\/1"}],"replies":[{"embeddable":true,"href":"https:\/\/restaurantesdelreyno.com\/fr\/wp-json\/wp\/v2\/comments?post=2438"}],"version-history":[{"count":7,"href":"https:\/\/restaurantesdelreyno.com\/fr\/wp-json\/wp\/v2\/project\/2438\/revisions"}],"predecessor-version":[{"id":2930,"href":"https:\/\/restaurantesdelreyno.com\/fr\/wp-json\/wp\/v2\/project\/2438\/revisions\/2930"}],"wp:featuredmedia":[{"embeddable":true,"href":"https:\/\/restaurantesdelreyno.com\/fr\/wp-json\/wp\/v2\/media\/2193"}],"wp:attachment":[{"href":"https:\/\/restaurantesdelreyno.com\/fr\/wp-json\/wp\/v2\/media?parent=2438"}],"wp:term":[{"taxonomy":"project_category","embeddable":true,"href":"https:\/\/restaurantesdelreyno.com\/fr\/wp-json\/wp\/v2\/project_category?post=2438"},{"taxonomy":"project_tag","embeddable":true,"href":"https:\/\/restaurantesdelreyno.com\/fr\/wp-json\/wp\/v2\/project_tag?post=2438"}],"curies":[{"name":"wp","href":"https:\/\/api.w.org\/{rel}","templated":true}]}}